{"id":455,"date":"2016-03-18T21:11:59","date_gmt":"2016-03-18T19:11:59","guid":{"rendered":"http:\/\/wordpress-rent-a-car-temasi.dijilab.com\/yaren\/?page_id=455"},"modified":"2018-02-24T07:46:16","modified_gmt":"2018-02-24T07:46:16","slug":"anasayfa-v4","status":"publish","type":"page","link":"http:\/\/temalar5.temadijital.com\/rentacar-2\/en\/anasayfa-v4\/","title":{"rendered":"Anasayfa V4"},"content":{"rendered":"<p>[vc_row el_id=&#8221;slider-and-search&#8221;][vc_column offset=&#8221;vc_col-lg-6 vc_col-md-6&#8243;]\t\n\t<div class=\"row\">\n\n\t\t<!-- Slider -->\n\t\t<div id=\"slider\" class=\"col-md-12\">\n\t\t\t<div id=\"slider-in\" class=\"owl-carousel owl-theme\">\n\t\t\t\t\t\t\t\t<div class=\"item\">\n\t\t\t\t\t<a href=\"http:\/\/temalar5.temadijital.com\/rentacar-2\/en\/?s=search&_vehicle=305\">\n\t\t\t\t\t\t<img width=\"800\" height=\"464\" src=\"http:\/\/temalar5.temadijital.com\/rentacar-2\/wp-content\/uploads\/2016\/01\/mercedes-vito.png\" class=\"attachment-post-thumbnail size-post-thumbnail wp-post-image\" alt=\"\" loading=\"lazy\" srcset=\"http:\/\/temalar5.temadijital.com\/rentacar-2\/wp-content\/uploads\/2016\/01\/mercedes-vito.png 800w, http:\/\/temalar5.temadijital.com\/rentacar-2\/wp-content\/uploads\/2016\/01\/mercedes-vito-300x174.png 300w, http:\/\/temalar5.temadijital.com\/rentacar-2\/wp-content\/uploads\/2016\/01\/mercedes-vito-768x445.png 768w, http:\/\/temalar5.temadijital.com\/rentacar-2\/wp-content\/uploads\/2016\/01\/mercedes-vito-86x50.png 86w, http:\/\/temalar5.temadijital.com\/rentacar-2\/wp-content\/uploads\/2016\/01\/mercedes-vito-138x80.png 138w, http:\/\/temalar5.temadijital.com\/rentacar-2\/wp-content\/uploads\/2016\/01\/mercedes-vito-297x172.png 297w\" sizes=\"(max-width: 800px) 100vw, 800px\" \/>\t\t\t\t\t\t<span class=\"price\"><i class=\"fa fa-try\"><\/i>NAN \/ Day<\/span>\t\t\t\t\t\t<span class=\"loc\"><i class=\"fa fa-map-marker\"><\/i> Antalia<\/span>\t\t\t\t\t\t<span class=\"reservation\">H\u0131zl\u0131<i>Rezervasyon<\/i><\/span>\n\t\t\t\t\t<\/a>\n\t\t\t\t<\/div>\n\t\t\t\t\t\t\t\t<div class=\"item\">\n\t\t\t\t\t<a href=\"http:\/\/temalar5.temadijital.com\/rentacar-2\/en\/?s=search&_vehicle=63\">\n\t\t\t\t\t\t<img width=\"737\" height=\"389\" src=\"http:\/\/temalar5.temadijital.com\/rentacar-2\/wp-content\/uploads\/2016\/01\/mercedes.png\" class=\"attachment-post-thumbnail size-post-thumbnail wp-post-image\" alt=\"\" loading=\"lazy\" srcset=\"http:\/\/temalar5.temadijital.com\/rentacar-2\/wp-content\/uploads\/2016\/01\/mercedes.png 737w, http:\/\/temalar5.temadijital.com\/rentacar-2\/wp-content\/uploads\/2016\/01\/mercedes-300x158.png 300w, http:\/\/temalar5.temadijital.com\/rentacar-2\/wp-content\/uploads\/2016\/01\/mercedes-94x50.png 94w, http:\/\/temalar5.temadijital.com\/rentacar-2\/wp-content\/uploads\/2016\/01\/mercedes-150x80.png 150w, http:\/\/temalar5.temadijital.com\/rentacar-2\/wp-content\/uploads\/2016\/01\/mercedes-326x172.png 326w\" sizes=\"(max-width: 737px) 100vw, 737px\" \/>\t\t\t\t\t\t<span class=\"price\"><i class=\"fa fa-try\"><\/i>NAN \/ Day<\/span>\t\t\t\t\t\t<span class=\"loc\"><i class=\"fa fa-map-marker\"><\/i> Antalia<\/span>\t\t\t\t\t\t<span class=\"reservation\">H\u0131zl\u0131<i>Rezervasyon<\/i><\/span>\n\t\t\t\t\t<\/a>\n\t\t\t\t<\/div>\n\t\t\t\t\t\t\t\t<div class=\"item\">\n\t\t\t\t\t<a href=\"http:\/\/temalar5.temadijital.com\/rentacar-2\/en\/?s=search&_vehicle=117\">\n\t\t\t\t\t\t<img width=\"347\" height=\"181\" src=\"http:\/\/temalar5.temadijital.com\/rentacar-2\/wp-content\/uploads\/2016\/01\/mitsubishi-pajero.png\" class=\"attachment-post-thumbnail size-post-thumbnail wp-post-image\" alt=\"\" loading=\"lazy\" srcset=\"http:\/\/temalar5.temadijital.com\/rentacar-2\/wp-content\/uploads\/2016\/01\/mitsubishi-pajero.png 347w, http:\/\/temalar5.temadijital.com\/rentacar-2\/wp-content\/uploads\/2016\/01\/mitsubishi-pajero-300x156.png 300w, http:\/\/temalar5.temadijital.com\/rentacar-2\/wp-content\/uploads\/2016\/01\/mitsubishi-pajero-94x50.png 94w, http:\/\/temalar5.temadijital.com\/rentacar-2\/wp-content\/uploads\/2016\/01\/mitsubishi-pajero-150x78.png 150w, http:\/\/temalar5.temadijital.com\/rentacar-2\/wp-content\/uploads\/2016\/01\/mitsubishi-pajero-330x172.png 330w\" sizes=\"(max-width: 347px) 100vw, 347px\" \/>\t\t\t\t\t\t<span class=\"price\"><i class=\"fa fa-try\"><\/i>NAN \/ Day<\/span>\t\t\t\t\t\t<span class=\"loc\"><i class=\"fa fa-map-marker\"><\/i> \u0130stanbul<\/span>\t\t\t\t\t\t<span class=\"reservation\">H\u0131zl\u0131<i>Rezervasyon<\/i><\/span>\n\t\t\t\t\t<\/a>\n\t\t\t\t<\/div>\n\t\t\t\t\t\t\t\t<div class=\"item\">\n\t\t\t\t\t<a href=\"http:\/\/temalar5.temadijital.com\/rentacar-2\/en\/?s=search&_vehicle=115\">\n\t\t\t\t\t\t<img width=\"347\" height=\"180\" src=\"http:\/\/temalar5.temadijital.com\/rentacar-2\/wp-content\/uploads\/2016\/01\/vw-beetle.png\" class=\"attachment-post-thumbnail size-post-thumbnail wp-post-image\" alt=\"\" loading=\"lazy\" srcset=\"http:\/\/temalar5.temadijital.com\/rentacar-2\/wp-content\/uploads\/2016\/01\/vw-beetle.png 347w, http:\/\/temalar5.temadijital.com\/rentacar-2\/wp-content\/uploads\/2016\/01\/vw-beetle-300x156.png 300w, http:\/\/temalar5.temadijital.com\/rentacar-2\/wp-content\/uploads\/2016\/01\/vw-beetle-94x50.png 94w, http:\/\/temalar5.temadijital.com\/rentacar-2\/wp-content\/uploads\/2016\/01\/vw-beetle-150x78.png 150w, http:\/\/temalar5.temadijital.com\/rentacar-2\/wp-content\/uploads\/2016\/01\/vw-beetle-330x172.png 330w\" sizes=\"(max-width: 347px) 100vw, 347px\" \/>\t\t\t\t\t\t<span class=\"price\"><i class=\"fa fa-try\"><\/i>NAN \/ Day<\/span>\t\t\t\t\t\t<span class=\"loc\"><i class=\"fa fa-map-marker\"><\/i> Antalia<\/span>\t\t\t\t\t\t<span class=\"reservation\">H\u0131zl\u0131<i>Rezervasyon<\/i><\/span>\n\t\t\t\t\t<\/a>\n\t\t\t\t<\/div>\n\t\t\t\t\t\t\t\t<div class=\"item\">\n\t\t\t\t\t<a href=\"http:\/\/temalar5.temadijital.com\/rentacar-2\/en\/?s=search&_vehicle=113\">\n\t\t\t\t\t\t<img width=\"347\" height=\"180\" src=\"http:\/\/temalar5.temadijital.com\/rentacar-2\/wp-content\/uploads\/2016\/01\/scirocco.png\" class=\"attachment-post-thumbnail size-post-thumbnail wp-post-image\" alt=\"\" loading=\"lazy\" srcset=\"http:\/\/temalar5.temadijital.com\/rentacar-2\/wp-content\/uploads\/2016\/01\/scirocco.png 347w, http:\/\/temalar5.temadijital.com\/rentacar-2\/wp-content\/uploads\/2016\/01\/scirocco-300x156.png 300w, http:\/\/temalar5.temadijital.com\/rentacar-2\/wp-content\/uploads\/2016\/01\/scirocco-94x50.png 94w, http:\/\/temalar5.temadijital.com\/rentacar-2\/wp-content\/uploads\/2016\/01\/scirocco-150x78.png 150w, http:\/\/temalar5.temadijital.com\/rentacar-2\/wp-content\/uploads\/2016\/01\/scirocco-330x172.png 330w\" sizes=\"(max-width: 347px) 100vw, 347px\" \/>\t\t\t\t\t\t<span class=\"price\"><i class=\"fa fa-try\"><\/i>NAN \/ Day<\/span>\t\t\t\t\t\t<span class=\"loc\"><i class=\"fa fa-map-marker\"><\/i> Antalia<\/span>\t\t\t\t\t\t<span class=\"reservation\">H\u0131zl\u0131<i>Rezervasyon<\/i><\/span>\n\t\t\t\t\t<\/a>\n\t\t\t\t<\/div>\n\t\t\t\t\t\t\t<\/div>\n\t\t<\/div>\n\n\t<\/div><!-- #slider -->\n    \n\n\t[vc_empty_space height=&#8221;30px&#8221;][\/vc_column][vc_column offset=&#8221;vc_col-lg-offset-1 vc_col-lg-5 vc_col-md-offset-0 vc_col-md-6 vc_col-sm-offset-0&#8243;]\n\t<!-- Slider -->\n\t<div id=\"search\" class=\"\">\n\t\t<h3>H\u0131zl\u0131<i>Ara\u00e7Kiralama<\/i><\/h3>\n\t\t<div class=\"clearfix\"><\/div>\n\n\t\t<div class=\"row\">\n\t\t\t<form id=\"home-quick-reservation\" action=\"http:\/\/temalar5.temadijital.com\/rentacar-2\/en\/?s=reservation&amp;step=1\" method=\"post\">\n\t\t\t\t<input type=\"hidden\" id=\"select_vehicle_nonce_field\" name=\"select_vehicle_nonce_field\" value=\"16b254e63d\" \/><input type=\"hidden\" name=\"_wp_http_referer\" value=\"\/rentacar-2\/en\/wp-json\/wp\/v2\/pages\/455\" \/>\t\t\t\t<div class=\"form-group col-md-6 col-sm-6\">\n\t\t\t\t\t<label for=\"dep-city\">Rental City<\/label>\n\t\t\t\t\t<select name=\"_dep-city\" id=\"dep-city\" class=\"form-control\">\n\t\t\t\t\t\t<option value=\"\">- Select -<\/option>\n\t\t\t\t\t\t<option value=\"4\">Antalia<\/option><option value=\"5\">\u0130stanbul<\/option><option value=\"7\">Mu\u011fla<\/option>\t\t\t\t\t<\/select>\n\t\t\t\t<\/div>\n\t\t\t\t<div class=\"form-group col-md-6 col-sm-6\">\n\t\t\t\t\t<label for=\"vehicle\">Vehicle<\/label>\n\t\t\t\t\t<select name=\"_vehicle\" id=\"vehicle\" class=\"form-control\" required=\"required\" disabled=\"disabled\">\n\t\t\t\t\t\t<option value=\"\">- Select City -<\/option>\n\t\t\t\t\t\t\t\t\t\t\t<\/select>\n\t\t\t\t<\/div>\n\t\t\t\t<div class=\"form-group col-md-6 col-sm-6\">\n\t\t\t\t\t<label for=\"dep-loc\">Rental Place<\/label>\n\t\t\t\t\t<select name=\"_dep-loc\" id=\"dep-loc\" class=\"form-control\" required=\"required\" disabled=\"disabled\">\n\t\t\t\t\t\t<option value=\"\">- Select City -<\/option>\n\t\t\t\t\t<\/select>\n\t\t\t\t<\/div>\n\t\t\t\t<div class=\"form-group col-md-6 col-sm-6\">\n\t\t\t\t\t<label for=\"ret-loc\">Arrival Place<\/label>\n\t\t\t\t\t<select name=\"_ret-loc\" id=\"ret-loc\" class=\"form-control\" required=\"required\" disabled=\"disabled\">\n\t\t\t\t\t\t<option value=\"\">- Select City -<\/option>\n\t\t\t\t\t<\/select>\n\t\t\t\t<\/div>\n\t\t\t\t<div class=\"form-group col-md-6 col-sm-6\">\n\t\t\t\t\t<label for=\"dep-date-slider\">Rental Date<\/label>\n\t\t\t\t\t<input type=\"text\" class=\"form-control dep-date\" id=\"dep-date-slider\" name=\"_dep-date\" value=\"29-04-2026 08:19\" \/>\n\t\t\t\t<\/div>\n\t\t\t\t<div class=\"form-group col-md-6 col-sm-6\">\n\t\t\t\t\t<label for=\"ret-date-slider\">Arrival Date<\/label>\n\t\t\t\t\t<input type=\"text\" class=\"form-control ret-date\" id=\"ret-date-slider\" name=\"_ret-date\" value=\"30-04-2026 07:19\" \/>\n\t\t\t\t<\/div>\n\t\t\t\t<div class=\"col-md-12\">\n\t\t\t\t\t<button type=\"submit\" class=\"btn btn-default pull-right\">Quick Reservation<\/button>\n\t\t\t\t<\/div>\n\t\t\t<\/form>\n\t\t<\/div>\n\t<\/div>    \n\n\t[vc_empty_space height=&#8221;30px&#8221;][\/vc_column][\/vc_row][vc_row][vc_column][vc_message]Sitemiz \u00fczerinden yapaca\u011f\u0131n\u0131z rezervasyonlarda kredi kart\u0131 bilgisi istenmemektedir.[\/vc_message][\/vc_column][\/vc_row][vc_row][vc_column]\t<!-- Vehicles -->\n\t\t<div id=\"vehicles\" class=\"all-vehicles col-md-12 navbar-default\">\n\t\t<h3>Vehicle<i>Showcase<\/i><\/h3>\n\t\t<div class=\"row\">\t\t\t\n\t\t\t<div id=\"vehicles-in\" class=\"owl-carousel owl-theme\">\n\t\t\t\t\t\t\t\t<div class=\"item\">\n\t\t\t\t\t<h2 class=\"col-xs-12 visible-xs\"><a href=\"http:\/\/temalar5.temadijital.com\/rentacar-2\/en\/?s=search&_vehicle=305\" data-toggle=\"tooltip\" data-placement=\"bottom\" title=\"Mercedes Vito\">Mercedes Vito<\/a><\/h2>\n\t\t\t\t\t<div class=\"col-md-6 col-sm-6 col-xs-6\">\n\t\t\t\t\t\t<a href=\"http:\/\/temalar5.temadijital.com\/rentacar-2\/en\/?s=search&_vehicle=305\"><img width=\"138\" height=\"80\" src=\"http:\/\/temalar5.temadijital.com\/rentacar-2\/wp-content\/uploads\/2016\/01\/mercedes-vito-138x80.png\" class=\"attachment-i150x80 size-i150x80 wp-post-image\" alt=\"\" loading=\"lazy\" srcset=\"http:\/\/temalar5.temadijital.com\/rentacar-2\/wp-content\/uploads\/2016\/01\/mercedes-vito-138x80.png 138w, http:\/\/temalar5.temadijital.com\/rentacar-2\/wp-content\/uploads\/2016\/01\/mercedes-vito-300x174.png 300w, http:\/\/temalar5.temadijital.com\/rentacar-2\/wp-content\/uploads\/2016\/01\/mercedes-vito-768x445.png 768w, http:\/\/temalar5.temadijital.com\/rentacar-2\/wp-content\/uploads\/2016\/01\/mercedes-vito-86x50.png 86w, http:\/\/temalar5.temadijital.com\/rentacar-2\/wp-content\/uploads\/2016\/01\/mercedes-vito-297x172.png 297w, http:\/\/temalar5.temadijital.com\/rentacar-2\/wp-content\/uploads\/2016\/01\/mercedes-vito.png 800w\" sizes=\"(max-width: 138px) 100vw, 138px\" \/><\/a>\n\t\t\t\t\t\t<a href=\"http:\/\/temalar5.temadijital.com\/rentacar-2\/en\/?s=search&_vehicle=305\"><span class=\"link\">Reservasyon<i>Yap<\/i><\/span><\/a>\n\t\t\t\t\t<\/div>\n\t\t\t\t\t\t\t\t\t\t<ul class=\"list-unstyled col-md-6 col-sm-6 col-xs-6\">\n\t\t\t\t\t\t<li class=\"title hidden-xs\"><h2><a href=\"http:\/\/temalar5.temadijital.com\/rentacar-2\/en\/?s=search&_vehicle=305\" data-toggle=\"tooltip\" data-placement=\"bottom\" title=\"Mercedes Vito\">Mercedes Vito<\/a><\/h2><\/li>\n\t\t\t\t\t\t<li class=\"v-person\"><span>x12<\/span><\/li>\t\t\t\t\t\t<li class=\"v-baggage\"><span>x8<\/span><\/li>\t\t\t\t\t\t<li class=\"v-fuel\"><span>Benzine<\/span><\/li>\t\t\t\t\t\t<li class=\"v-gear\"><span>Automatic<\/span><\/li>\t\t\t\t\t\t<li class=\"clearfix\"><\/li>\n\t\t\t\t\t\t<li class=\"v-loc\" data-toggle=\"tooltip\" data-placement=\"bottom\" title=\"Antalia, Mu\u011fla\">Antalia, Mu\u011fla<\/li>\t\t\t\t\t\t<li class=\"v-price\"><i class=\"fa fa-try\"><\/i> NAN \/ Day<\/li>\t\t\t\t\t<\/ul>\n\t\t\t\t\t\t\t\t\t<\/div>\n\t\t\t\t\t\t\t\t<div class=\"item\">\n\t\t\t\t\t<h2 class=\"col-xs-12 visible-xs\"><a href=\"http:\/\/temalar5.temadijital.com\/rentacar-2\/en\/?s=search&_vehicle=63\" data-toggle=\"tooltip\" data-placement=\"bottom\" title=\"Mercedes A180\">Mercedes A180<\/a><\/h2>\n\t\t\t\t\t<div class=\"col-md-6 col-sm-6 col-xs-6\">\n\t\t\t\t\t\t<a href=\"http:\/\/temalar5.temadijital.com\/rentacar-2\/en\/?s=search&_vehicle=63\"><img width=\"150\" height=\"80\" src=\"http:\/\/temalar5.temadijital.com\/rentacar-2\/wp-content\/uploads\/2016\/01\/mercedes-150x80.png\" class=\"attachment-i150x80 size-i150x80 wp-post-image\" alt=\"\" loading=\"lazy\" srcset=\"http:\/\/temalar5.temadijital.com\/rentacar-2\/wp-content\/uploads\/2016\/01\/mercedes-150x80.png 150w, http:\/\/temalar5.temadijital.com\/rentacar-2\/wp-content\/uploads\/2016\/01\/mercedes-300x158.png 300w, http:\/\/temalar5.temadijital.com\/rentacar-2\/wp-content\/uploads\/2016\/01\/mercedes-94x50.png 94w, http:\/\/temalar5.temadijital.com\/rentacar-2\/wp-content\/uploads\/2016\/01\/mercedes-326x172.png 326w, http:\/\/temalar5.temadijital.com\/rentacar-2\/wp-content\/uploads\/2016\/01\/mercedes.png 737w\" sizes=\"(max-width: 150px) 100vw, 150px\" \/><\/a>\n\t\t\t\t\t\t<a href=\"http:\/\/temalar5.temadijital.com\/rentacar-2\/en\/?s=search&_vehicle=63\"><span class=\"link\">Reservasyon<i>Yap<\/i><\/span><\/a>\n\t\t\t\t\t<\/div>\n\t\t\t\t\t\t\t\t\t\t<ul class=\"list-unstyled col-md-6 col-sm-6 col-xs-6\">\n\t\t\t\t\t\t<li class=\"title hidden-xs\"><h2><a href=\"http:\/\/temalar5.temadijital.com\/rentacar-2\/en\/?s=search&_vehicle=63\" data-toggle=\"tooltip\" data-placement=\"bottom\" title=\"Mercedes A180\">Mercedes A180<\/a><\/h2><\/li>\n\t\t\t\t\t\t<li class=\"v-person\"><span>x4<\/span><\/li>\t\t\t\t\t\t<li class=\"v-baggage\"><span>x3<\/span><\/li>\t\t\t\t\t\t<li class=\"v-fuel\"><span>Diesel<\/span><\/li>\t\t\t\t\t\t<li class=\"v-gear\"><span>Automatic<\/span><\/li>\t\t\t\t\t\t<li class=\"clearfix\"><\/li>\n\t\t\t\t\t\t<li class=\"v-loc\" data-toggle=\"tooltip\" data-placement=\"bottom\" title=\"Antalia, \u0130stanbul, Mu\u011fla\">Antalia, \u0130stanbul, Mu\u011fla<\/li>\t\t\t\t\t\t<li class=\"v-price\"><i class=\"fa fa-try\"><\/i> NAN \/ Day<\/li>\t\t\t\t\t<\/ul>\n\t\t\t\t\t\t\t\t\t<\/div>\n\t\t\t\t\t\t\t\t<div class=\"item\">\n\t\t\t\t\t<h2 class=\"col-xs-12 visible-xs\"><a href=\"http:\/\/temalar5.temadijital.com\/rentacar-2\/en\/?s=search&_vehicle=117\" data-toggle=\"tooltip\" data-placement=\"bottom\" title=\"Mitsubishi Pajero\">Mitsubishi Pajero<\/a><\/h2>\n\t\t\t\t\t<div class=\"col-md-6 col-sm-6 col-xs-6\">\n\t\t\t\t\t\t<a href=\"http:\/\/temalar5.temadijital.com\/rentacar-2\/en\/?s=search&_vehicle=117\"><img width=\"150\" height=\"78\" src=\"http:\/\/temalar5.temadijital.com\/rentacar-2\/wp-content\/uploads\/2016\/01\/mitsubishi-pajero-150x78.png\" class=\"attachment-i150x80 size-i150x80 wp-post-image\" alt=\"\" loading=\"lazy\" srcset=\"http:\/\/temalar5.temadijital.com\/rentacar-2\/wp-content\/uploads\/2016\/01\/mitsubishi-pajero-150x78.png 150w, http:\/\/temalar5.temadijital.com\/rentacar-2\/wp-content\/uploads\/2016\/01\/mitsubishi-pajero-300x156.png 300w, http:\/\/temalar5.temadijital.com\/rentacar-2\/wp-content\/uploads\/2016\/01\/mitsubishi-pajero-94x50.png 94w, http:\/\/temalar5.temadijital.com\/rentacar-2\/wp-content\/uploads\/2016\/01\/mitsubishi-pajero-330x172.png 330w, http:\/\/temalar5.temadijital.com\/rentacar-2\/wp-content\/uploads\/2016\/01\/mitsubishi-pajero.png 347w\" sizes=\"(max-width: 150px) 100vw, 150px\" \/><\/a>\n\t\t\t\t\t\t<a href=\"http:\/\/temalar5.temadijital.com\/rentacar-2\/en\/?s=search&_vehicle=117\"><span class=\"link\">Reservasyon<i>Yap<\/i><\/span><\/a>\n\t\t\t\t\t<\/div>\n\t\t\t\t\t\t\t\t\t\t<ul class=\"list-unstyled col-md-6 col-sm-6 col-xs-6\">\n\t\t\t\t\t\t<li class=\"title hidden-xs\"><h2><a href=\"http:\/\/temalar5.temadijital.com\/rentacar-2\/en\/?s=search&_vehicle=117\" data-toggle=\"tooltip\" data-placement=\"bottom\" title=\"Mitsubishi Pajero\">Mitsubishi Pajero<\/a><\/h2><\/li>\n\t\t\t\t\t\t<li class=\"v-person\"><span>x6<\/span><\/li>\t\t\t\t\t\t<li class=\"v-baggage\"><span>x4<\/span><\/li>\t\t\t\t\t\t<li class=\"v-fuel\"><span>Diesel<\/span><\/li>\t\t\t\t\t\t<li class=\"v-gear\"><span>Automatic<\/span><\/li>\t\t\t\t\t\t<li class=\"clearfix\"><\/li>\n\t\t\t\t\t\t<li class=\"v-loc\" data-toggle=\"tooltip\" data-placement=\"bottom\" title=\"\u0130stanbul, Mu\u011fla\">\u0130stanbul, Mu\u011fla<\/li>\t\t\t\t\t\t<li class=\"v-price\"><i class=\"fa fa-try\"><\/i> NAN \/ Day<\/li>\t\t\t\t\t<\/ul>\n\t\t\t\t\t\t\t\t\t<\/div>\n\t\t\t\t\t\t\t\t<div class=\"item\">\n\t\t\t\t\t<h2 class=\"col-xs-12 visible-xs\"><a href=\"http:\/\/temalar5.temadijital.com\/rentacar-2\/en\/?s=search&_vehicle=115\" data-toggle=\"tooltip\" data-placement=\"bottom\" title=\"Volkswagen Beetle\">Volkswagen Beetle<\/a><\/h2>\n\t\t\t\t\t<div class=\"col-md-6 col-sm-6 col-xs-6\">\n\t\t\t\t\t\t<a href=\"http:\/\/temalar5.temadijital.com\/rentacar-2\/en\/?s=search&_vehicle=115\"><img width=\"150\" height=\"78\" src=\"http:\/\/temalar5.temadijital.com\/rentacar-2\/wp-content\/uploads\/2016\/01\/vw-beetle-150x78.png\" class=\"attachment-i150x80 size-i150x80 wp-post-image\" alt=\"\" loading=\"lazy\" srcset=\"http:\/\/temalar5.temadijital.com\/rentacar-2\/wp-content\/uploads\/2016\/01\/vw-beetle-150x78.png 150w, http:\/\/temalar5.temadijital.com\/rentacar-2\/wp-content\/uploads\/2016\/01\/vw-beetle-300x156.png 300w, http:\/\/temalar5.temadijital.com\/rentacar-2\/wp-content\/uploads\/2016\/01\/vw-beetle-94x50.png 94w, http:\/\/temalar5.temadijital.com\/rentacar-2\/wp-content\/uploads\/2016\/01\/vw-beetle-330x172.png 330w, http:\/\/temalar5.temadijital.com\/rentacar-2\/wp-content\/uploads\/2016\/01\/vw-beetle.png 347w\" sizes=\"(max-width: 150px) 100vw, 150px\" \/><\/a>\n\t\t\t\t\t\t<a href=\"http:\/\/temalar5.temadijital.com\/rentacar-2\/en\/?s=search&_vehicle=115\"><span class=\"link\">Reservasyon<i>Yap<\/i><\/span><\/a>\n\t\t\t\t\t<\/div>\n\t\t\t\t\t\t\t\t\t\t<ul class=\"list-unstyled col-md-6 col-sm-6 col-xs-6\">\n\t\t\t\t\t\t<li class=\"title hidden-xs\"><h2><a href=\"http:\/\/temalar5.temadijital.com\/rentacar-2\/en\/?s=search&_vehicle=115\" data-toggle=\"tooltip\" data-placement=\"bottom\" title=\"Volkswagen Beetle\">Volkswagen Beetle<\/a><\/h2><\/li>\n\t\t\t\t\t\t<li class=\"v-person\"><span>x4<\/span><\/li>\t\t\t\t\t\t<li class=\"v-baggage\"><span>x2<\/span><\/li>\t\t\t\t\t\t<li class=\"v-fuel\"><span>Benzine<\/span><\/li>\t\t\t\t\t\t<li class=\"v-gear\"><span>Automatic<\/span><\/li>\t\t\t\t\t\t<li class=\"clearfix\"><\/li>\n\t\t\t\t\t\t<li class=\"v-loc\" data-toggle=\"tooltip\" data-placement=\"bottom\" title=\"Antalia, \u0130stanbul\">Antalia, \u0130stanbul<\/li>\t\t\t\t\t\t<li class=\"v-price\"><i class=\"fa fa-try\"><\/i> NAN \/ Day<\/li>\t\t\t\t\t<\/ul>\n\t\t\t\t\t\t\t\t\t<\/div>\n\t\t\t\t\t\t\t\t<div class=\"item\">\n\t\t\t\t\t<h2 class=\"col-xs-12 visible-xs\"><a href=\"http:\/\/temalar5.temadijital.com\/rentacar-2\/en\/?s=search&_vehicle=113\" data-toggle=\"tooltip\" data-placement=\"bottom\" title=\"Volkswagen Scirocco\">Volkswagen Scirocco<\/a><\/h2>\n\t\t\t\t\t<div class=\"col-md-6 col-sm-6 col-xs-6\">\n\t\t\t\t\t\t<a href=\"http:\/\/temalar5.temadijital.com\/rentacar-2\/en\/?s=search&_vehicle=113\"><img width=\"150\" height=\"78\" src=\"http:\/\/temalar5.temadijital.com\/rentacar-2\/wp-content\/uploads\/2016\/01\/scirocco-150x78.png\" class=\"attachment-i150x80 size-i150x80 wp-post-image\" alt=\"\" loading=\"lazy\" srcset=\"http:\/\/temalar5.temadijital.com\/rentacar-2\/wp-content\/uploads\/2016\/01\/scirocco-150x78.png 150w, http:\/\/temalar5.temadijital.com\/rentacar-2\/wp-content\/uploads\/2016\/01\/scirocco-300x156.png 300w, http:\/\/temalar5.temadijital.com\/rentacar-2\/wp-content\/uploads\/2016\/01\/scirocco-94x50.png 94w, http:\/\/temalar5.temadijital.com\/rentacar-2\/wp-content\/uploads\/2016\/01\/scirocco-330x172.png 330w, http:\/\/temalar5.temadijital.com\/rentacar-2\/wp-content\/uploads\/2016\/01\/scirocco.png 347w\" sizes=\"(max-width: 150px) 100vw, 150px\" \/><\/a>\n\t\t\t\t\t\t<a href=\"http:\/\/temalar5.temadijital.com\/rentacar-2\/en\/?s=search&_vehicle=113\"><span class=\"link\">Reservasyon<i>Yap<\/i><\/span><\/a>\n\t\t\t\t\t<\/div>\n\t\t\t\t\t\t\t\t\t\t<ul class=\"list-unstyled col-md-6 col-sm-6 col-xs-6\">\n\t\t\t\t\t\t<li class=\"title hidden-xs\"><h2><a href=\"http:\/\/temalar5.temadijital.com\/rentacar-2\/en\/?s=search&_vehicle=113\" data-toggle=\"tooltip\" data-placement=\"bottom\" title=\"Volkswagen Scirocco\">Volkswagen Scirocco<\/a><\/h2><\/li>\n\t\t\t\t\t\t<li class=\"v-person\"><span>x4<\/span><\/li>\t\t\t\t\t\t<li class=\"v-baggage\"><span>x2<\/span><\/li>\t\t\t\t\t\t<li class=\"v-fuel\"><span>Diesel<\/span><\/li>\t\t\t\t\t\t<li class=\"v-gear\"><span>Manuel<\/span><\/li>\t\t\t\t\t\t<li class=\"clearfix\"><\/li>\n\t\t\t\t\t\t<li class=\"v-loc\" data-toggle=\"tooltip\" data-placement=\"bottom\" title=\"Antalia\">Antalia<\/li>\t\t\t\t\t\t<li class=\"v-price\"><i class=\"fa fa-try\"><\/i> NAN \/ Day<\/li>\t\t\t\t\t<\/ul>\n\t\t\t\t\t\t\t\t\t<\/div>\n\t\t\t\t\n\t\t\t<\/div>\n\t\t<\/div>\n\t<\/div>\n\t<div class=\"clearfix\"><\/div>\n\n\t[vc_empty_space height=&#8221;30px&#8221;][\/vc_column][\/vc_row][vc_row el_id=&#8221;b-w-d&#8221;][vc_column width=&#8221;1\/3&#8243; offset=&#8221;vc_col-lg-4 vc_col-md-offset-0 vc_col-md-6 vc_col-sm-offset-0&#8243;]\t\n\t<div id=\"blog\">\n\t\t<div class=\"row\">\n\t\t\t<div class=\"col-md-12\">\n\t\t\t\t<div class=\"navbar-default\">\n\t\t\t\t\t<div class=\"row\">\n\t\t\t\t\t\t<h4><i class=\"fa fa-bullhorn\"><\/i> Haber<i>veDuyurular<\/i><\/h4>\n\n\t\t\t\t\t\t<div id=\"blog-in\" class=\"blog-type-1 owl-carousel owl-theme\">\n\t\t\t\t\t\t\t\n\t\t\t\t\t\t<\/div>\n\t\t\t\t\t<\/div>\n\t\t\t\t<\/div>\n\t\t\t<\/div>\n\t\t<\/div>\n\t<\/div>\n    \n\n\t[vc_empty_space height=&#8221;30px&#8221;][\/vc_column][vc_column width=&#8221;1\/3&#8243; offset=&#8221;vc_col-lg-4 vc_col-md-6&#8243;]\t<div id=\"offer-form\" class=\"\">\n\t\t\t<form action=\"\" method=\"POST\" class=\"navbar-default\">\n\t\t\t\t<h4><i class=\"fa fa-check-square-o\"><\/i> Teklif<i>Formu<\/i><\/h4>\n\t\t\t\t<div class=\"col-md-12\">\n\t\t\t\t\t<div class=\"alert alert-info\" role=\"alert\">Formu doldurarak teklifinizi bize iletebilirsiniz.<\/div>\n\t\t\t\t\t<div class=\"row\">\n\t\t\t\t\t\t\n\t\t\t\t\t\t<!-- Full Name -->\n\t\t\t\t\t\t<div class=\"col-md-6 col-sm-6\">\n\t\t\t\t\t\t\t<div class=\"form-group\">\n\t\t\t\t\t\t\t\t<label for=\"full-name\">Full Name <span class=\"required\">*<\/span><\/label>\n\t\t\t\t\t\t\t\t<input type=\"text\" name=\"fullname\" id=\"full-name\" class=\"form-control\" required=\"required\" \/>\n\t\t\t\t\t\t\t<\/div>\n\t\t\t\t\t\t<\/div>\n\n\t\t\t\t\t\t<!-- Phone -->\n\t\t\t\t\t\t<div class=\"col-md-6 col-sm-6\">\n\t\t\t\t\t\t\t<div class=\"form-group\">\n\t\t\t\t\t\t\t\t<label for=\"phone\">Phone <span class=\"required\">*<\/span><\/label>\n\t\t\t\t\t\t\t\t<input type=\"text\" name=\"phone\" id=\"phone\" class=\"form-control\" required=\"required\" \/>\n\t\t\t\t\t\t\t<\/div>\n\t\t\t\t\t\t<\/div>\n\n\t\t\t\t\t\t<!-- Email -->\n\t\t\t\t\t\t<div class=\"col-md-6 col-sm-6\">\n\t\t\t\t\t\t\t<div class=\"form-group\">\n\t\t\t\t\t\t\t\t<label for=\"email\">E-mail Address <span class=\"required\">*<\/span><\/label>\n\t\t\t\t\t\t\t\t<input type=\"email\" name=\"email\" id=\"email\" class=\"form-control\" required=\"required\" \/>\n\t\t\t\t\t\t\t<\/div>\n\t\t\t\t\t\t<\/div>\n\n\t\t\t\t\t\t<!-- Vehicle -->\n\t\t\t\t\t\t<div class=\"col-md-6 col-sm-6\">\n\t\t\t\t\t\t\t<div class=\"form-group\">\n\t\t\t\t\t\t\t\t<label for=\"vehicle\">Select Vehicle <span class=\"required\">*<\/span><\/label>\n\t\t\t\t\t\t\t\t<select name=\"vehicle\" id=\"vehicle\" class=\"form-control\" required=\"required\">\n\t\t\t\t\t\t\t\t\t<option value=\"\">- Select -<\/option>\n\t\t\t\t\t\t\t\t\t\t\t\t\t\t\t\t\t\t<option value=\"Mercedes A180\">Mercedes A180<\/option>\n\t\t\t\t\t\t\t\t\t\t\t\t\t\t\t\t\t\t<option value=\"Mercedes Vito\">Mercedes Vito<\/option>\n\t\t\t\t\t\t\t\t\t\t\t\t\t\t\t\t\t\t<option value=\"Mitsubishi Pajero\">Mitsubishi Pajero<\/option>\n\t\t\t\t\t\t\t\t\t\t\t\t\t\t\t\t\t\t<option value=\"Volkswagen Beetle\">Volkswagen Beetle<\/option>\n\t\t\t\t\t\t\t\t\t\t\t\t\t\t\t\t\t\t<option value=\"Volkswagen Scirocco\">Volkswagen Scirocco<\/option>\n\t\t\t\t\t\t\t\t\t\t\t\t\t\t\t\t\t<\/select>\n\t\t\t\t\t\t\t<\/div>\n\t\t\t\t\t\t<\/div>\n\n\t\t\t\t\t\t<div class=\"col-md-6 col-sm-6\">\n\t\t\t\t\t\t\t<!-- Dep. Date -->\n\t\t\t\t\t\t\t<div class=\"form-group\">\n\t\t\t\t\t\t\t\t<label for=\"dep-date-offer\">Pick-up Date <span class=\"required\">*<\/span><\/label>\n\t\t\t\t\t\t\t\t<input type=\"text\" class=\"form-control dep-date\" name=\"dep-date-offer\" id=\"dep-date-offer\" required=\"required\" \/>\n\t\t\t\t\t\t\t<\/div>\n\t\t\t\t\t\t<\/div>\n\n\t\t\t\t\t\t<div class=\"col-md-6 col-sm-6\">\n\t\t\t\t\t\t\t<!-- Dep. Date -->\n\t\t\t\t\t\t\t<div class=\"form-group\">\n\t\t\t\t\t\t\t\t<label for=\"ret-date-offer\">Drop-off Date <span class=\"required\">*<\/span><\/label>\n\t\t\t\t\t\t\t\t<input type=\"text\" class=\"form-control ret-date\" name=\"ret-date-offer\" id=\"ret-date-offer\" required=\"required\" \/>\n\t\t\t\t\t\t\t<\/div>\n\t\t\t\t\t\t<\/div>\n\n\t\t\t\t\t\t<!-- Offer -->\n\t\t\t\t\t\t<div class=\"col-md-6 col-sm-6\">\n\t\t\t\t\t\t\t<div class=\"form-group no-margin-bottom\">\n\t\t\t\t\t\t\t\t<label for=\"offer\">Your Offer <span class=\"required\">*<\/span><\/label>\n\t\t\t\t\t\t\t\t<div class=\"input-group\">\n\t\t\t\t\t\t\t\t\t<span class=\"input-group-addon\"><i class=\"fa fa-try\"><\/i><\/span>\n\t\t\t\t\t\t\t\t\t<input type=\"text\" name=\"offer\" id=\"offer\" class=\"form-control\" required=\"required\" \/>\n\t\t\t\t\t\t\t\t\t<input type=\"hidden\" name=\"currency\" value=\"TL\" \/>\n\t\t\t\t\t\t\t\t<\/div>\n\t\t\t\t\t\t\t<\/div>\n\t\t\t\t\t\t<\/div>\n\n\t\t\t\t\t\t<!-- Offer -->\n\t\t\t\t\t\t<div class=\"col-md-6 col-sm-6\">\n\t\t\t\t\t\t\t<br \/>\n\t\t\t\t\t\t\t<button type=\"button\" id=\"home-offer-form-submit\" class=\"btn btn-default col-md-12 col-sm-12\">Send<\/button>\n\t\t\t\t\t\t<\/div>\n\t\t\t\t\t<\/div>\n\t\t\t\t<\/div>\n\t\t\t\t<div class=\"clearfix\"><\/div>\n\t\t\t<\/form>\n\t<\/div>\n\t[vc_empty_space height=&#8221;30px&#8221;][\/vc_column][vc_column width=&#8221;1\/3&#8243; offset=&#8221;vc_col-lg-4 vc_col-md-12&#8243;]\t<div id=\"weather\" class=\"\">\n\t\t<div class=\"navbar-default\">\n\t\t\t<h4><i class=\"fa fa-sun-o\"><\/i> Hava<i>Durumu<\/i><\/h4>\n\n\t\t\t<div id=\"weather-in\">\n\t\t\t\t\t<h2>\n\t\t\t\t\t\t<!--i class=\"weather icon-'+weather.code+'\"><\/i-->\n\t\t\t\t\t\t<img src=\"\" class=\"weather-icon\" alt=\"Weather Forecast\"  height=\"100px\" width=\"100px\" \/>\n\t\t\t\t\t\t<span class=\"weather-temperature\" ><\/span>\n\t\t\t\t\t<\/h2>\n\t\t\t\t\t<ul>\n\t\t\t\t\t\t<li>TODAY<\/li>\n\t\t\t\t\t\t<li class=\"currently weather-place\"><\/li>\n\t\t\t\t\t<\/ul>\n\t\t\t<\/div>\n\t\t<\/div>\n\t<\/div>\n\t\t\n\t<script type=\"text\/javascript\">\n\t\n\t\tjQuery( function() {\n\t\t\n\t\t\tjQuery('.weather-temperature').openWeather({\n\t\t\t\tkey: 'c9d49310f8023ee2617a7634de23c2aa',\n\t\t\t\tcity: 'Trabzon',\n\t\t\t\tplaceTarget: '.weather-place',\n\t\t\t\ticonTarget: '.weather-icon',\n\t\t\t\tcustomIcons: 'http:\/\/temalar5.temadijital.com\/rentacar-2\/wp-content\/themes\/V2-n\/img\/weather\/',\n\t\t\t\tsuccess: function() {\n\t\t\t\t\n\t\t\t\t\t\/\/show weather\n\t\t\t\t\tjQuery('.weather-wrapper').show();\n\t\t\t\t\t\n\t\t\t\t},\n\t\t\t\terror: function(message) {\n\t\t\t\t\n\t\t\t\t\tconsole.log(message);\n\t\t\t\t\n\t\t\t\t}\n\t\t\t});\n\t\t\t\n\t\t});\n\t\n\t<\/script>\n\n\t\n\n\t[vc_empty_space height=&#8221;30px&#8221;]\t<div id=\"distance\" class=\"\">\n\t\t<div class=\"navbar-default\">\n\t\t\t<h4><i class=\"fa fa-road\"><\/i> Mesafe<i>Hesapla<\/i><\/h4>\n\n\t\t\t<iframe src=\"http:\/\/temalar5.temadijital.com\/rentacar-2\/wp-content\/themes\/V2-n\/distance.html\" scrolling=\"no\" frameborder=\"0\" height=\"100\" width=\"100%\"><\/iframe>\n\t\t<\/div>\n\t<\/div>\n\t[vc_empty_space height=&#8221;30px&#8221;][\/vc_column][\/vc_row][vc_row][vc_column][vc_text_separator title=&#8221;Ara\u00e7 Kiralama Hakk\u0131nda Merak Ettikleriniz ?&#8221; color=&#8221;custom&#8221; accent_color=&#8221;#545454&#8243;][vc_tta_accordion active_section=&#8221;1&#8243;][vc_tta_section title=&#8221;Ara\u00e7larda Sigorta ve Kasko Var m\u0131 ?&#8221; tab_id=&#8221;1453663701434-716afd98-a683&#8243;][vc_column_text]Ara\u00e7lar full kaskolu olup, kaskodan yararlanabilmek i\u00e7in, herhangi hasar yada kaza durumlar\u0131nda arac\u0131 kesinlikle hareket ettirmeden polise ba\u015fvurarak kaza ve alkol raporu al\u0131nmal\u0131d\u0131r. Bu gibi acil durumlarda 24 saat a\u00e7\u0131k acil numaralar\u0131m\u0131z\u0131 arayabilirsiniz(+905321231212\u00a0yada +905321231111).[\/vc_column_text][\/vc_tta_section][vc_tta_section title=&#8221;Kasko D\u0131\u015f\u0131nda Kalan Haller Nelerdir ?&#8221; tab_id=&#8221;1453663701597-464d656d-762d&#8221;][vc_column_text]<\/p>\n<ul>\n<li>Raporsuz hasarlarda,<\/li>\n<li>Alkoll\u00fc ara\u00e7 kullanma sonucu olu\u015fan hasarlarda,<\/li>\n<li>Arac\u0131 s\u00f6zle\u015fmede ismi olmayan yetkisiz ki\u015fileri kulland\u0131rmak<\/li>\n<\/ul>\n<p>[\/vc_column_text][\/vc_tta_section][vc_tta_section title=&#8221;Ehliyet ve Ya\u015f S\u0131n\u0131r\u0131 Nedir ?&#8221; tab_id=&#8221;1453663886348-1b0be548-3c60&#8243;][vc_column_text]Kiralayan 20 ya\u015f\u0131n\u0131 doldurmu\u015f ve en az iki senelik ehliyetinin olmas\u0131.[\/vc_column_text][\/vc_tta_section][vc_tta_section title=&#8221;\u00d6demeyi Hemen Yapmak Zorunda m\u0131y\u0131m ?&#8221; tab_id=&#8221;1453664035389-e1bafebe-a7bd&#8221;][vc_column_text]Hay\u0131r, \u00f6deme ara\u00e7 tesliminde yap\u0131lmaktad\u0131r[\/vc_column_text][\/vc_tta_section][vc_tta_section title=&#8221;Trafik Cezalar\u0131, Otoban ve K\u00f6pr\u00fc Ka\u00e7ak Ge\u00e7i\u015fleri Kime Ait ?&#8221; tab_id=&#8221;1453664144803-26aa5b6b-949d&#8221;][vc_column_text]Trafik cezalar\u0131, otoban ve k\u00f6pr\u00fc ka\u00e7ak ge\u00e7i\u015fleri kiralayana aittir. Trafik cezalar\u0131 sonradan gelse bile kiralayan \u00f6demekle y\u00fck\u00fcml\u00fcd\u00fcr.[\/vc_column_text][\/vc_tta_section][vc_tta_section title=&#8221;Ara\u00e7larda OGS &#8211; HGS Mevcut mu ?&#8221; tab_id=&#8221;1453664780278-f59c3786-c326&#8243;][vc_column_text]\u00c7o\u011funlukla ara\u00e7lar\u0131m\u0131zda HGS\u00a0cihazlar\u0131 bulunmakta(otoban k\u00f6pr\u00fcler i\u00e7in otomatik ge\u00e7i\u015fler i\u00e7in) olup, kiralayan talep ve ihtiyac\u0131na g\u00f6re fiyatland\u0131r\u0131lmaktad\u0131r.[\/vc_column_text][\/vc_tta_section][vc_tta_section title=&#8221;Fiyata Dahil Hizmetleriniz Nelerdir ?&#8221; tab_id=&#8221;1453664824010-ff2cad07-8935&#8243;][vc_column_text]Fiyatlara ara\u00e7lar\u0131n <strong>s\u0131n\u0131rs\u0131z kilometre kullan\u0131m hakk\u0131<\/strong>, <strong>ara\u00e7 bak\u0131m giderleri<\/strong> ve <strong>kasko<\/strong> dahildir.[\/vc_column_text][\/vc_tta_section][vc_tta_section title=&#8221;Fiyata Dahil Olmayan Hizmetleriniz Nelerdir ?&#8221; tab_id=&#8221;1453664870393-58e35286-3208&#8243;][vc_column_text]<strong>Yak\u0131t<\/strong>, <strong>k\u00f6pr\u00fc<\/strong>,<strong>otoyol \u00fccretleri<\/strong>, <strong>trafik cezalar\u0131 ile sigortalar<\/strong> , <strong>tek y\u00f6n \u00fccreti<\/strong>, <strong>bebek koltu\u011fu<\/strong>,<strong>navigasyon cihaz\u0131<\/strong> gibi ekstra talepler ve <strong>Katma De\u011fer Vergisi (KDV)<\/strong> fiyatlara dahil de\u011fildir.[\/vc_column_text][\/vc_tta_section][\/vc_tta_accordion][\/vc_column][\/vc_row][vc_row el_id=&#8221;services-and-frees&#8221;][vc_column width=&#8221;1\/2&#8243;]\t\n\t<div id=\"services\">\n\t\t<div class=\"navbar-default\">\n\t\t\t<div class=\"row\" id=\"services-in\">\n\t\t\t\t<h4><i class=\"fa fa-asterisk\"><\/i> Hizmetler<\/h4>\n\n\t\t\t\t<ul class=\"row fa-ul\">\n\t\t\t\t\t\t\t\t\t\t\t<li class=\"col-md-4 col-xs-6\">\n\t\t\t\t\t\t\t<i class=\"fa-li fa fa-asterisk\"><\/i> \n\t\t\t\t\t\t\tHGS\t\t\t\t\t\t<\/li>\n\t\t\t\t\t\t\t\t\t\t\t<li class=\"col-md-4 col-xs-6\">\n\t\t\t\t\t\t\t<i class=\"fa-li fa fa-asterisk\"><\/i> \n\t\t\t\t\t\t\tNavigasyon\t\t\t\t\t\t<\/li>\n\t\t\t\t\t\t\t\t\t\t\t<li class=\"col-md-4 col-xs-6\">\n\t\t\t\t\t\t\t<i class=\"fa-li fa fa-asterisk\"><\/i> \n\t\t\t\t\t\t\tBebek Koltu\u011fu\t\t\t\t\t\t<\/li>\n\t\t\t\t\t\t\t\t\t\t\t<li class=\"col-md-4 col-xs-6\">\n\t\t\t\t\t\t\t<i class=\"fa-li fa fa-asterisk\"><\/i> \n\t\t\t\t\t\t\tLimitsiz Kilometre\t\t\t\t\t\t<\/li>\n\t\t\t\t\t\t\t\t\t\t\t<li class=\"col-md-4 col-xs-6\">\n\t\t\t\t\t\t\t<i class=\"fa-li fa fa-asterisk\"><\/i> \n\t\t\t\t\t\t\tFull Kasko\t\t\t\t\t\t<\/li>\n\t\t\t\t\t\t\t\t\t\t\t<li class=\"col-md-4 col-xs-6\">\n\t\t\t\t\t\t\t<i class=\"fa-li fa fa-asterisk\"><\/i> \n\t\t\t\t\t\t\t\u015e\u00f6for Hizmeti\t\t\t\t\t\t<\/li>\n\t\t\t\t\t\t\t\t\t\t\t<li class=\"col-md-4 col-xs-6\">\n\t\t\t\t\t\t\t<i class=\"fa-li fa fa-asterisk\"><\/i> \n\t\t\t\t\t\t\t\u0130ndirimli Fiyatlar\t\t\t\t\t\t<\/li>\n\t\t\t\t\t\t\t\t\t\t\t<li class=\"col-md-4 col-xs-6\">\n\t\t\t\t\t\t\t<i class=\"fa-li fa fa-asterisk\"><\/i> \n\t\t\t\t\t\t\tEkonomik Ara\u00e7lar\t\t\t\t\t\t<\/li>\n\t\t\t\t\t\t\t\t\t\t\t<li class=\"col-md-4 col-xs-6\">\n\t\t\t\t\t\t\t<i class=\"fa-li fa fa-asterisk\"><\/i> \n\t\t\t\t\t\t\tL\u00fcks Ara\u00e7lar\t\t\t\t\t\t<\/li>\n\t\t\t\t\t\t\t\t\t\t\t<li class=\"col-md-4 col-xs-6\">\n\t\t\t\t\t\t\t<i class=\"fa-li fa fa-asterisk\"><\/i> \n\t\t\t\t\t\t\t7 G\u00fcn 24 Saat Destek\t\t\t\t\t\t<\/li>\n\t\t\t\t\t\t\t\t\t\t\t<li class=\"col-md-4 col-xs-6\">\n\t\t\t\t\t\t\t<i class=\"fa-li fa fa-asterisk\"><\/i> \n\t\t\t\t\t\t\tOnline Rezervasyon\t\t\t\t\t\t<\/li>\n\t\t\t\t\t\t\t\t\t\t\t<li class=\"col-md-4 col-xs-6\">\n\t\t\t\t\t\t\t<i class=\"fa-li fa fa-asterisk\"><\/i> \n\t\t\t\t\t\t\tKar Lasti\u011fi\t\t\t\t\t\t<\/li>\n\t\t\t\t\t\t\t\t\t\t\t<li class=\"col-md-4 col-xs-6\">\n\t\t\t\t\t\t\t<i class=\"fa-li fa fa-asterisk\"><\/i> \n\t\t\t\t\t\t\tMinib\u00fcs Kiralama\t\t\t\t\t\t<\/li>\n\t\t\t\t\t\t\t\t\t\t\t<li class=\"col-md-4 col-xs-6\">\n\t\t\t\t\t\t\t<i class=\"fa-li fa fa-asterisk\"><\/i> \n\t\t\t\t\t\t\tG\u00fcnl\u00fck Ara\u00e7 Kiralama\t\t\t\t\t\t<\/li>\n\t\t\t\t\t\t\t\t\t<\/ul>\n\t\t\t<\/div>\n\t\t<\/div>\n\t<\/div>\n\n\t[vc_empty_space height=&#8221;30px&#8221;][\/vc_column][vc_column width=&#8221;1\/2&#8243;]\t\n\t<div id=\"free-services\">\n\t\t<div class=\"navbar-default\">\n\t\t\t<div class=\"row\" id=\"free-services-in\">\n\t\t\t\t<h4><i class=\"fa fa-check\"><\/i> Fiyata<i>Dahil Olanlar<\/i><\/h4>\n\n\t\t\t\t<ul class=\"row fa-ul\">\n\t\t\t\t\t\t\t\t\t\t\t<li class=\"col-md-6 col-xs-6\">\n\t\t\t\t\t\t\t<i class=\"fa-li fa fa-check\"><\/i> \n\t\t\t\t\t\t\tHGS\t\t\t\t\t\t<\/li>\n\t\t\t\t\t\t\t\t\t\t\t<li class=\"col-md-6 col-xs-6\">\n\t\t\t\t\t\t\t<i class=\"fa-li fa fa-check\"><\/i> \n\t\t\t\t\t\t\tLimitsiz Kilometre\t\t\t\t\t\t<\/li>\n\t\t\t\t\t\t\t\t\t\t\t<li class=\"col-md-6 col-xs-6\">\n\t\t\t\t\t\t\t<i class=\"fa-li fa fa-check\"><\/i> \n\t\t\t\t\t\t\tFull Kasko\t\t\t\t\t\t<\/li>\n\t\t\t\t\t\t\t\t\t\t\t<li class=\"col-md-6 col-xs-6\">\n\t\t\t\t\t\t\t<i class=\"fa-li fa fa-check\"><\/i> \n\t\t\t\t\t\t\tEkonomik Ara\u00e7lar\t\t\t\t\t\t<\/li>\n\t\t\t\t\t\t\t\t\t\t\t<li class=\"col-md-6 col-xs-6\">\n\t\t\t\t\t\t\t<i class=\"fa-li fa fa-check\"><\/i> \n\t\t\t\t\t\t\tL\u00fcks Ara\u00e7lar\t\t\t\t\t\t<\/li>\n\t\t\t\t\t\t\t\t\t\t\t<li class=\"col-md-6 col-xs-6\">\n\t\t\t\t\t\t\t<i class=\"fa-li fa fa-check\"><\/i> \n\t\t\t\t\t\t\t7 G\u00fcn 24 Saat Destek\t\t\t\t\t\t<\/li>\n\t\t\t\t\t\t\t\t\t\t\t<li class=\"col-md-6 col-xs-6\">\n\t\t\t\t\t\t\t<i class=\"fa-li fa fa-check\"><\/i> \n\t\t\t\t\t\t\tOnline Rezervasyon\t\t\t\t\t\t<\/li>\n\t\t\t\t\t\t\t\t\t\t\t<li class=\"col-md-6 col-xs-6\">\n\t\t\t\t\t\t\t<i class=\"fa-li fa fa-check\"><\/i> \n\t\t\t\t\t\t\tKar Lasti\u011fi\t\t\t\t\t\t<\/li>\n\t\t\t\t\t\t\t\t\t\t\t<li class=\"col-md-6 col-xs-6\">\n\t\t\t\t\t\t\t<i class=\"fa-li fa fa-check\"><\/i> \n\t\t\t\t\t\t\tG\u00fcnl\u00fck Ara\u00e7 Kiralama\t\t\t\t\t\t<\/li>\n\t\t\t\t\t\t\t\t\t<\/ul>\n\t\t\t<\/div>\n\t\t<\/div>\n\t<\/div>\n\n\t[vc_empty_space height=&#8221;30px&#8221;][\/vc_column][\/vc_row]<\/p>","protected":false},"excerpt":{"rendered":"<p>[vc_row el_id=&#8221;slider-and-search&#8221;][vc_column offset=&#8221;vc_col-lg-6 vc_col-md-6&#8243;][vc_empty_space height=&#8221;30px&#8221;][\/vc_column][vc_column offset=&#8221;vc_col-lg-offset-1 vc_col-lg-5 vc_col-md-offset-0 vc_col-md-6 vc_col-sm-offset-0&#8243;][vc_empty_space height=&#8221;30px&#8221;][\/vc_column][\/vc_row][vc_row][vc_column][vc_message]Sitemiz \u00fczerinden yapaca\u011f\u0131n\u0131z rezervasyonlarda kredi kart\u0131 bilgisi istenmemektedir.[\/vc_message][\/vc_column][\/vc_row][vc_row][vc_column][vc_empty_space height=&#8221;30px&#8221;][\/vc_column][\/vc_row][vc_row el_id=&#8221;b-w-d&#8221;][vc_column width=&#8221;1\/3&#8243; offset=&#8221;vc_col-lg-4 vc_col-md-offset-0 vc_col-md-6 vc_col-sm-offset-0&#8243;][vc_empty_space height=&#8221;30px&#8221;][\/vc_column][vc_column width=&#8221;1\/3&#8243; offset=&#8221;vc_col-lg-4 vc_col-md-6&#8243;][vc_empty_space height=&#8221;30px&#8221;][\/vc_column][vc_column width=&#8221;1\/3&#8243; offset=&#8221;vc_col-lg-4 vc_col-md-12&#8243;][vc_empty_space height=&#8221;30px&#8221;][vc_empty_space height=&#8221;30px&#8221;][\/vc_column][\/vc_row][vc_row][vc_column][vc_text_separator title=&#8221;Ara\u00e7 Kiralama Hakk\u0131nda Merak Ettikleriniz ?&#8221; color=&#8221;custom&#8221; accent_color=&#8221;#545454&#8243;][vc_tta_accordion active_section=&#8221;1&#8243;][vc_tta_section title=&#8221;Ara\u00e7larda Sigorta ve Kasko Var m\u0131 ?&#8221; tab_id=&#8221;1453663701434-716afd98-a683&#8243;][vc_column_text]Ara\u00e7lar full kaskolu olup, [&hellip;]<\/p>\n","protected":false},"author":1,"featured_media":0,"parent":0,"menu_order":0,"comment_status":"closed","ping_status":"closed","template":"template-blank.php","meta":[],"_links":{"self":[{"href":"http:\/\/temalar5.temadijital.com\/rentacar-2\/en\/wp-json\/wp\/v2\/pages\/455"}],"collection":[{"href":"http:\/\/temalar5.temadijital.com\/rentacar-2\/en\/wp-json\/wp\/v2\/pages"}],"about":[{"href":"http:\/\/temalar5.temadijital.com\/rentacar-2\/en\/wp-json\/wp\/v2\/types\/page"}],"author":[{"embeddable":true,"href":"http:\/\/temalar5.temadijital.com\/rentacar-2\/en\/wp-json\/wp\/v2\/users\/1"}],"replies":[{"embeddable":true,"href":"http:\/\/temalar5.temadijital.com\/rentacar-2\/en\/wp-json\/wp\/v2\/comments?post=455"}],"version-history":[{"count":4,"href":"http:\/\/temalar5.temadijital.com\/rentacar-2\/en\/wp-json\/wp\/v2\/pages\/455\/revisions"}],"predecessor-version":[{"id":532,"href":"http:\/\/temalar5.temadijital.com\/rentacar-2\/en\/wp-json\/wp\/v2\/pages\/455\/revisions\/532"}],"wp:attachment":[{"href":"http:\/\/temalar5.temadijital.com\/rentacar-2\/en\/wp-json\/wp\/v2\/media?parent=455"}],"curies":[{"name":"wp","href":"https:\/\/api.w.org\/{rel}","templated":true}]}}